{"id":7475,"date":"2025-12-21T21:03:02","date_gmt":"2025-12-21T19:03:02","guid":{"rendered":"https:\/\/inprojournal.org\/?page_id=7475"},"modified":"2026-02-04T11:01:17","modified_gmt":"2026-02-04T09:01:17","slug":"2025-4-1","status":"publish","type":"page","link":"https:\/\/inprojournal.org\/en\/2025-4-1\/","title":{"rendered":"2025-4-1"},"content":{"rendered":"\n<p><\/p>\n\n\n\n<div class=\"wp-block-columns is-layout-flex wp-container-core-columns-is-layout-9d6595d7 wp-block-columns-is-layout-flex\">\n<div class=\"wp-block-column is-layout-flow wp-block-column-is-layout-flow\" style=\"flex-basis:33.33%\">\n<figure class=\"wp-block-image size-large is-resized\"><img loading=\"lazy\" decoding=\"async\" width=\"734\" height=\"1024\" src=\"https:\/\/inprojournal.org\/wp-content\/uploads\/2023\/03\/018-cover-734x1024.jpg\" alt=\"\" class=\"wp-image-3609\" style=\"width:217px;height:302px\" srcset=\"https:\/\/inprojournal.org\/wp-content\/uploads\/2023\/03\/018-cover-734x1024.jpg 734w, https:\/\/inprojournal.org\/wp-content\/uploads\/2023\/03\/018-cover-215x300.jpg 215w, https:\/\/inprojournal.org\/wp-content\/uploads\/2023\/03\/018-cover-768x1071.jpg 768w, https:\/\/inprojournal.org\/wp-content\/uploads\/2023\/03\/018-cover-1101x1536.jpg 1101w, https:\/\/inprojournal.org\/wp-content\/uploads\/2023\/03\/018-cover-1468x2048.jpg 1468w, https:\/\/inprojournal.org\/wp-content\/uploads\/2023\/03\/018-cover-scaled.jpg 1835w\" sizes=\"auto, (max-width: 734px) 100vw, 734px\" \/><\/figure>\n\n\n\n<div style=\"height:26px\" aria-hidden=\"true\" class=\"wp-block-spacer\"><\/div>\n\n\n\n<p class=\"has-small-font-size\">Theory and practice of intellectual property<br>\u2116 4 \/ 2025<\/p>\n\n\n\n<p class=\"has-small-font-size\">ISSN (Print) 2308-0361<br>ISSN (Online) 2519-2744<\/p>\n\n\n\n<div class=\"wp-block-buttons has-custom-font-size is-content-justification-left is-layout-flex wp-container-core-buttons-is-layout-fdcfc74e wp-block-buttons-is-layout-flex\" style=\"font-size:10px\">\n<div class=\"wp-block-button is-style-outline is-style-outline--1\"><a class=\"wp-block-button__link has-black-color has-text-color has-custom-font-size wp-element-button\" href=\"https:\/\/drive.google.com\/file\/d\/1eLUayZzG02hbSVnSoXswFRwR-8bZ8v0W\/view?usp=drive_link\" style=\"border-radius:10px;font-size:10px\" target=\"_blank\" rel=\"noreferrer noopener\"><img loading=\"lazy\" decoding=\"async\" width=\"14\" height=\"14\" class=\"wp-image-362\" style=\"width: 14px;\" src=\"https:\/\/test.inprojournal.org\/wp-content\/uploads\/2023\/01\/free-icon-pdf-201153.png\" alt=\"\" srcset=\"https:\/\/inprojournal.org\/wp-content\/uploads\/2023\/01\/free-icon-pdf-201153.png 512w, https:\/\/inprojournal.org\/wp-content\/uploads\/2023\/01\/free-icon-pdf-201153-300x300.png 300w, https:\/\/inprojournal.org\/wp-content\/uploads\/2023\/01\/free-icon-pdf-201153-150x150.png 150w, https:\/\/inprojournal.org\/wp-content\/uploads\/2023\/01\/free-icon-pdf-201153-450x450.png 450w, https:\/\/inprojournal.org\/wp-content\/uploads\/2023\/01\/free-icon-pdf-201153-106x106.png 106w, https:\/\/inprojournal.org\/wp-content\/uploads\/2023\/01\/free-icon-pdf-201153-80x80.png 80w\" sizes=\"auto, (max-width: 14px) 100vw, 14px\" \/> PDF (Ukrainian)<\/a><\/div>\n<\/div>\n\n\n\n<div style=\"height:26px\" aria-hidden=\"true\" class=\"wp-block-spacer\"><\/div>\n\n\n\n<p class=\"has-small-font-size\">DOI: <a href=\"https:\/\/doi.org\/10.33731\/42025.346569\">https:\/\/doi.org\/10.33731\/42025.346569<\/a> <\/p>\n\n\n\n<p class=\"has-small-font-size\">Submitted&nbsp; &nbsp;&nbsp; 2025-09-17<br>Accepted &nbsp;&nbsp; &nbsp; 2025-10-08<br>Published &nbsp;&nbsp;&nbsp;&nbsp;&nbsp;2025-12-15<\/p>\n\n\n\n<div style=\"height:8px\" aria-hidden=\"true\" class=\"wp-block-spacer\"><\/div>\n\n\n\n<figure class=\"wp-block-image size-full is-resized\"><img decoding=\"async\" src=\"https:\/\/inprojournal.org\/wp-content\/uploads\/2025\/11\/CC-2.png\" alt=\"\" class=\"wp-image-6960\" style=\"width:131px;height:auto\"\/><\/figure>\n\n\n\n<p class=\"has-small-font-size\"><\/p>\n\n\n\n<div style=\"height:26px\" aria-hidden=\"true\" class=\"wp-block-spacer\"><\/div>\n\n\n\n<p class=\"has-small-font-size\"><\/p>\n<\/div>\n\n\n\n<div class=\"wp-block-column is-layout-flow wp-block-column-is-layout-flow\" style=\"flex-basis:66.66%\">\n<p class=\"has-medium-font-size\"><strong>Terms of protection of copyright and related rights in accordance with the EU legislation<\/strong><\/p>\n\n\n\n<div style=\"height:40px\" aria-hidden=\"true\" class=\"wp-block-spacer\"><\/div>\n\n\n\n<p><strong>Valentyna Trotska<\/strong><br>Ph.D. (Law), Head of the sector of the Disposal of copyright and related rights of the Copyright and Related Rights Department of the Intellectual Property Scientific Research Institute of the National Academy of Legal Sciences of Ukraine <br>Ukraine <br><a href=\"https:\/\/orcid.org\/0000-0002-7579-1877\">https:\/\/orcid.org\/0000-0002-7579-1877<\/a><\/p>\n\n\n\n<p><\/p>\n\n\n\n<div style=\"height:40px\" aria-hidden=\"true\" class=\"wp-block-spacer\"><\/div>\n\n\n\n<p><strong>Abstract<br><\/strong>The article examines the current state and main trends in the unification and extension of protection periods under EU law. The author analyses the norms of EU Directives, adopted in 1993, 2006, and 2011, identifies the purposes set when they were adopted, and assesses the achievement of those purposes.<\/p>\n\n\n\n<p>The aim of the EU Directives, adopted in 1993 and 2006, was to establish a high level of protection for the construction of the internal market; to develop an economy based on the use of copyright and related rights objects; and to increase the volume of the cross-border distribution of objects. These factors required legal certainty regarding the establishment of a uniform term of protection. Unlike these Directives, the Directive, adopted in 2011, had a specific focus: promoting the development of the EU music industry, in particular through the extension of the term of protection. The factors that led to the need to adopt this EU Directive were: the need to develop the music industry in the EU as one of the sectors of the economy; the unstable financial, social, and legal situation of performers; and the growth in cross-border distribution of objects.<\/p>\n\n\n\n<p>The author concludes that the adoption of the Directives had a significant impact on the development of copyright and related rights legislation in EU Member States. However, not all legal issues have been resolved. The author provides examples of such aspects.<\/p>\n\n\n\n<p>Along with an analysis of EU Directive norms, the author cites data from studies, assessing the impact of extending the term of protection on the development in the music sector. Based on the data from these studies, the author concludes that most of the tasks have been solved positively. At the same time, he draws attention to problematic issues that require further resolution.<\/p>\n\n\n\n<p>The article substantiates the close connection between the extension of the term of protection and the accompanying measures, introduced in the 2011 Directive, such as the improvement of contractual relations, the formation of funds, and the system of remuneration for performers. It is expected that the combination of the extended term and the introduction of the accompanying measures will create the conditions for strengthening protection, in particular by increasing the financial stability for both phonogram producers and performers.<\/p>\n\n\n\n<p><strong>Keywords: <\/strong>copyright, related rights, term protection extension, European Union law<\/p>\n\n\n\n<div style=\"height:40px\" aria-hidden=\"true\" class=\"wp-block-spacer\"><\/div>\n\n\n\n<p><strong>References<\/strong><\/p>\n\n\n\n<p>Treaty on European Union. OJ C 191, 29.7.1992, pp. 1\u2013112.<\/p>\n\n\n\n<p>Berne Convention Contracting Parties. <br><a href=\"https:\/\/www.wipo.int\/wipolex\/en\/treaties\/ShowResults?search_what=C&#038;treaty_id=15\">https:\/\/www.wipo.int\/wipolex\/en\/treaties\/ShowResults?search_what=C&#038;treaty_id=15<\/a><\/p>\n\n\n\n<p>Council Directive 91\/250\/EEC of 14 May 1991 on the legal protection of computer programs. OJ L 122, 17.5.1991, pp. 42\u201346.<\/p>\n\n\n\n<p>Council Directive 93\/98\/EEC of 29 October 1993 harmonizing the term of protection of copyright and certain related rights. OJ L 290, 24.11.1993, pp. 9\u201313.<\/p>\n\n\n\n<p>Dworkin G. The EC Directive on the Term of Protection of Copyright and Related Rights. 1998. <br><a href=\"https:\/\/doi.org\/10.1163\/9789004633612_006\">https:\/\/doi.org\/10.1163\/9789004633612_006<\/a><\/p>\n\n\n\n<p>REPORT. Amended proposal for a Council Directive harmonizing the term of protection of copyright and certain related rights. Brussels, 19 March 1993. <br><a href=\"https:\/\/resources.law.cam.ac.uk\/cipil\/travaux\/Term%20Directive\/26_19%20mar%201993-report.pdf\">https:\/\/resources.law.cam.ac.uk\/cipil\/travaux\/Term%20Directive\/26_19%20mar%201993-report.pdf<\/a><\/p>\n\n\n\n<p>Council Directive 92\/100\/EEC of 19 November 1992 on rental right and lending right and on certain rights related to copyright in the field of intellectual property. OJ L 346, 27.11.1992, pp. 61\u201366.<\/p>\n\n\n\n<p>Directive 2006\/116\/EC of the European Parliament and of the Council of 12 December 2006 on the term of protection of copyright and certain related rights (codified version). OJ L 372, 27.12.2006, pp. 12\u201318.<\/p>\n\n\n\n<p>International Convention for the Protection of Performers, Producers of Phonograms and Broadcasting Organizations. Done at Rome on October 26, 1961.<br><a href=\"https:\/\/www.wipo.int\/wipolex\/en\/text\/289757\">https:\/\/www.wipo.int\/wipolex\/en\/text\/289757<\/a> <\/p>\n\n\n\n<p>European Parliament and Council Directive, amending Directive 2006\/116\/EC of the European Parliament on the term of protection of copyright and related rights. Brussels, 16.7.2008 COM(2008) 464 final. EXPLANATORY MEMORANDUM.<br><a href=\"https:\/\/resources.law.cam.ac.uk\/cipil\/travaux\/Term%20Directive\/Copyright_Term_Directive.pdf#page=546\">https:\/\/resources.law.cam.ac.uk\/cipil\/travaux\/Term%20Directive\/Copyright_Term_Directive.pdf#page=546<\/a><\/p>\n\n\n\n<p>Commission staff working Document accompanying the Proposal for a Council Directive amending Council Directive 2006\/116\/EC as regards the term of protection of copyright and related rights. Brussels, 16.7.2008.<br><a href=\"https:\/\/eur-lex.europa.eu\/LexUriServ\/LexUriServ.do?uri=SEC:2008:2288:FIN:EN:PDF\">https:\/\/eur-lex.europa.eu\/LexUriServ\/LexUriServ.do?uri=SEC:2008:2288:FIN:EN:PDF<\/a><\/p>\n\n\n\n<p>Gowers A. Gowers Review of Intellectual Property, December 2006.<br><a href=\"https:\/\/assets.publishing.service.gov.uk\/media\/5a7c9f7740f0b65b3de0a17d\/0118404830.pdf\">https:\/\/assets.publishing.service.gov.uk\/media\/5a7c9f7740f0b65b3de0a17d\/0118404830.pdf<\/a><\/p>\n\n\n\n<p>Hugenholtz P. B., van Eechoud M., van Gompel S., Guibault L., Helberger N., Rossini M., Steijger L., Dufft N., Bohn P. The Recasting of copyright and related rights for the knowledge economy. 2006.<br><a href=\"https:\/\/www.ivir.nl\/publicaties\/download\/IViR_Recast_Final_Report_2006.pdf\">https:\/\/www.ivir.nl\/publicaties\/download\/IViR_Recast_Final_Report_2006.pdf<\/a><\/p>\n\n\n\n<p>Hugenholtz P. B. O No, Not Again: Term Extension. 2011.<br><a href=\"https:\/\/legalblogs.wolterskluwer.com\/copyright-blog\/o-no-not-again-term-extension\/?_ga=2.138071152.1189708270.1526984174-224251759.1509283974\">https:\/\/legalblogs.wolterskluwer.com\/copyright-blog\/o-no-not-again-term-extension\/?_ga=2.138071152.1189708270.1526984174-224251759.1509283974<\/a><\/p>\n\n\n\n<p>Council of the European Union. New rules on term of protection of music recordings. Brussels, 12 September 2011.<br><a href=\"https:\/\/www.consilium.europa.eu\/&nbsp;uedocs\/cms_data\/docs\/pressdata\/en\/intm\/124570.pdf\">https:\/\/www.consilium.europa.eu\/ uedocs\/cms_data\/docs\/pressdata\/en\/intm\/124570.pdf<\/a><\/p>\n\n\n\n<p>Jimmyn P., \u041cesserlin P. The true impact of shorter and longer copyright durations: from authors\u2019 earnings to cultural creativity and diversity. International Journal of Cultural Policy. 2021. Vol. 27 (5). P. 607\u2013620.<br><a href=\"https:\/\/doi.org\/10.1080\/10286632.2020.1829608.\">https:\/\/doi.org\/10.1080\/10286632.2020.1829608<\/a><\/p>\n\n\n\n<p>Directive 2011\/77\/EU of the European Parliament and of the Council of 27 September 2011 amending Directive 2006\/116\/EC on the term of protection of copyright and certain related rights. OJ L 265, 11.10.2011, p. 1\u20135.<\/p>\n\n\n\n<p>European Commission: Directorate-General for Communications Networks, Content and Technology and NTT DATA. Targeted study on the application of Directive 2011\/77\/EU on the term of protection of copyright and certain related rights. 2025.<br><a href=\"https:\/\/op.europa.eu\/en\/publication-detail\/-\/publication\/b9e89d29-5d33-11f0-a9d0-01aa75ed71a1\/language-en\">https:\/\/op.europa.eu\/en\/publication-detail\/-\/publication\/b9e89d29-5d33-11f0-a9d0-01aa75ed71a1\/language-en<\/a><\/p>\n\n\n\n<p>Ramalho A., Lopez-Tarruella A. STUDY. Requested by the European Parliament\u02bcs Committee. Implementation of the Directive 2011\/77\/EU: copyright term of protection. 2018.<br><a href=\"https:\/\/www.europarl.europa.eu\/RegData\/etudes\/STUD\/&nbsp;2018\/604957\/IPOL_STU(2018)604957_EN.pdf\">https:\/\/www.europarl.europa.eu\/RegData\/etudes\/STUD\/ 2018\/604957\/IPOL_STU(2018)604957_EN.pdf<\/a><\/p>\n\n\n\n<p>C\u00f3digo do Direito de Autor e dos Direitos Conexos. Portugal. Di\u00e1rio da Rep\u00fablica n. 61\/1985, S\u00e9rie I de 1985-03-14. Vers\u00e3o \u00e0 data de 2025-08-07.<br><a href=\"https:\/\/www.wipo.int\/wipolex\/en\/legislation\/details\/21564\">https:\/\/www.wipo.int\/wipolex\/en\/legislation\/details\/21564<\/a><\/p>\n\n\n\n<p>Synopsis report of the targeted consultation on the on the exercise of rights and related rights of performers and producers in the audiovisual sector. 2020.<br><a href=\"https:\/\/digital-strategy.ec.europa.eu\/en\/library\/synopsis-report-targeted-consultation-exercise-rights-and-related-rights-performers-and-producers\">https:\/\/digital-strategy.ec.europa.eu\/en\/library\/synopsis-report-targeted-consultation-exercise-rights-and-related-rights-performers-and-producers<\/a><\/p>\n\n\n\n<p>Report on the application of Directive 2011\/77\/EU amending Directive 2006\/116\/EC on the term of protection of copyright and certain related rights. Brussels, 07.07.2025.<br><a href=\"https:\/\/eur-lex.europa.eu\/legal-content\/EN\/TXT\/HTML\/?uri=CELEX:52025DC0364\">https:\/\/eur-lex.europa.eu\/legal-content\/EN\/TXT\/HTML\/?uri=CELEX:52025DC0364<\/a><\/p>\n\n\n\n<p>Dharmadhikari S. Europe Music Market Report 2025.<br><a href=\"https:\/\/www.cognitivemarketresearch.com\/regional-analysis\/europe-music-market-report\">https:\/\/www.cognitivemarketresearch.com\/regional-analysis\/europe-music-market-report<\/a> <\/p>\n\n\n\n<p><\/p>\n<\/div>\n<\/div>\n","protected":false},"excerpt":{"rendered":"<p>Theory and practice of intellectual property\u2116 4 \/ 2025 ISSN (Print) 2308-0361ISSN (Online) 2519-2744 DOI: https:\/\/doi.org\/10.33731\/42025.346569 Submitted&nbsp; &nbsp;&nbsp; 2025-09-17Accepted &nbsp;&nbsp; &nbsp; 2025-10-08Published &nbsp;&nbsp;&nbsp;&nbsp;&nbsp;2025-12-15 Terms of protection of copyright and related rights in accordance with the EU legislation Valentyna TrotskaPh.D. (Law), Head of the sector of the Disposal of copyright and related rights of the Copyright [&hellip;]<\/p>\n","protected":false},"author":1,"featured_media":0,"parent":0,"menu_order":0,"comment_status":"closed","ping_status":"closed","template":"","meta":{"footnotes":""},"class_list":["post-7475","page","type-page","status-publish","hentry"],"_links":{"self":[{"href":"https:\/\/inprojournal.org\/en\/wp-json\/wp\/v2\/pages\/7475","targetHints":{"allow":["GET"]}}],"collection":[{"href":"https:\/\/inprojournal.org\/en\/wp-json\/wp\/v2\/pages"}],"about":[{"href":"https:\/\/inprojournal.org\/en\/wp-json\/wp\/v2\/types\/page"}],"author":[{"embeddable":true,"href":"https:\/\/inprojournal.org\/en\/wp-json\/wp\/v2\/users\/1"}],"replies":[{"embeddable":true,"href":"https:\/\/inprojournal.org\/en\/wp-json\/wp\/v2\/comments?post=7475"}],"version-history":[{"count":13,"href":"https:\/\/inprojournal.org\/en\/wp-json\/wp\/v2\/pages\/7475\/revisions"}],"predecessor-version":[{"id":8218,"href":"https:\/\/inprojournal.org\/en\/wp-json\/wp\/v2\/pages\/7475\/revisions\/8218"}],"wp:attachment":[{"href":"https:\/\/inprojournal.org\/en\/wp-json\/wp\/v2\/media?parent=7475"}],"curies":[{"name":"wp","href":"https:\/\/api.w.org\/{rel}","templated":true}]}}